{"id":610,"date":"2013-05-18T07:57:21","date_gmt":"2013-05-18T10:57:21","guid":{"rendered":"http:\/\/curacompletaparaomelasma.seublog.net\/?page_id=610"},"modified":"2013-07-12T18:20:32","modified_gmt":"2013-07-12T21:20:32","slug":"fatores-emocionais","status":"publish","type":"page","link":"https:\/\/curacompletaparaomelasma.seublog.net\/?page_id=610","title":{"rendered":"Fatores emocionais"},"content":{"rendered":"<p>Conforme temos demonstrado nas p\u00e1ginas deste blog, o melasma, como qualquer doen\u00e7a, \u00e9 o resultado de desequil\u00edbrios em nosso organismo. Entretanto, n\u00e3o existe equil\u00edbrio org\u00e2nico que n\u00e3o esteja conexo com os demais elementos que comp\u00f5em o nosso corpo, os quais n\u00e3o s\u00e3o muito bem definidos pelos cientistas, j\u00e1 que s\u00e3o bem menos palp\u00e1veis. Estamos falando de conceitos relacionados \u00e0 mente, \u00e0 alma, ao esp\u00edrito.<\/p>\n<p>Veja o que o Dr. Bernard Jensen assevera, na p\u00e1gina 11 de seu livro mencionado neste saite: &#8220;As pessoas lidam com desequil\u00edbrios org\u00e2nicos e psicol\u00f3gicos, e eu procuro a raiz de seus transtornos ao encontrar aquilo em que elas acreditam, o que est\u00e1 na profundidade de seus problemas. Se voc\u00ea acredita numa mentira, voc\u00ea vive uma mentira. Se voc\u00ea acredita na felicidade, deseja a felicidade e sabe como lutar para obter a felicidade, ent\u00e3o voc\u00ea tem chance de ser feliz. Entretanto, <strong>uma pessoa que v\u00ea a si mesmo como doente, deprimida, melanc\u00f3lica, bloqueada e incapaz de ir bem na vida \u00a0deve ser reeducada. <\/strong>Ela criou o seu pr\u00f3prio mundo e ficou aprisionada dentro dele.&#8221;<\/p>\n<p id=\"yui_3_7_2_1_1369177235443_2099\">O saite\u00a0<a id=\"yui_3_7_2_1_1369177235443_2101\" href=\"http:\/\/www.gnosisonline.org\/textos-especiais\/os-centros-da-maquina-humana\/\" target=\"_blank\" rel=\"nofollow\">http:\/\/www.gnosisonline.org\/textos-especiais\/os-centros-da-maquina-humana\/<\/a>\u00a0 afirma que nosso corpo est\u00e1 composto por cinco centros que comandam todas as nossas atividades: o intelectual, o emocional, o motriz (dos movimentos volunt\u00e1rios), o instintivo (das a\u00e7\u00f5es org\u00e2nicas involunt\u00e1rias) e o sexual. Para haver equil\u00edbrio de toda a m\u00e1quina humana \u00e9 necess\u00e1rio haver bom equil\u00edbrio entre esses cinco centros. Se um indiv\u00edduo est\u00e1 exagerando na pr\u00e1tica de determinadas atividades que requerem excessivo esfor\u00e7o de um determinado centro, haver\u00e1 desequil\u00edbrio e falta de energia em todos os outros centros, e, consequentemente, em todo \u00a0o corpo, conforme assevera o texto relacionado ao link acima.<\/p>\n<p id=\"yui_3_7_2_1_1369177235443_2100\">Devemos analisar profundamente quais s\u00e3o as fontes que ocasionam desarmonia em nossa vida, principalmente em termos emocionais, cujos fatores \u00a0t\u00eam sido mencionados por especialistas como causadores de doen\u00e7as de pele, incluindo o melasma. Sentimentos reprimidos, como raiva, m\u00e1goa e outros parecem ser bastante delet\u00e9rios para a sa\u00fade. O conflito com o mundo, a ansiedade, a expectativa exagerada em conseguir resultados, e muitos outros sentimentos e atitudes mentais negativas tamb\u00e9m nos trazem consider\u00e1vel desarmonia. Com o devido respeito e dignidade, tudo pode ser dito. Esses sentimentos que \u00a0se deseja exprimir e e n\u00e3o se exprimem t\u00eam particular efeito negativo sobre nossos \u00f3rg\u00e3os,\u00a0especialmente em nossos intestinos.<\/p>\n<p>A medicina chinesa afirma que a pele est\u00e1 ligada diretamente ao f\u00edgado e ao pulm\u00e3o. Para o primeiro, h\u00e1 a limpeza do f\u00edgado; quanto ao segundo, segundo a milenar medicina chinesa, ele se enfraquece quando alimentamos sentimentos como a tristeza, a melancolia, a depress\u00e3o. Profundas reflex\u00f5es a respeito da vida e ora\u00e7\u00f5es, como indicado abaixo, com certeza ajudam. Exerc\u00edcios respirat\u00f3rios como indicado em nossa p\u00e1gina (<a href=\"http:\/\/curacompletaparaomelasma.seublog.net\/?page_id=263\">http:\/\/curacompletaparaomelasma.seublog.net\/?page_id=263<\/a>) tamb\u00e9m.<\/p>\n<p>H\u00e1 que pedir \u00e0 Provid\u00eancia, constante e insistentemente, que elimine as causas desses sentimentos, que s\u00e3o os nossos defeitos, e agir com intelig\u00eancia, expressando tudo o que desejamos exprimir com franqueza. H\u00e1 uma interessante t\u00e9cnica para a elimina\u00e7\u00e3o de defeitos psicol\u00f3gicos no pequeno livro contido no link\u00a0<a href=\"http:\/\/gaianovaera.blogspot.com.br\/2011\/02\/hercolubus-ou-planeta-vermelho-vm.html\" target=\"_blank\">http:\/\/gaianovaera.blogspot.com.br\/2011\/02\/hercolubus-ou-planeta-vermelho-vm.html<\/a>\u00a0. \u00a0Ainda que se tenha outra religi\u00e3o ou que n\u00e3o se tenha religi\u00e3o nenhuma, devemos sempre ter a mente aberta para considerar coisas novas; como disse o s\u00e1bio: provai de tudo e retende o que \u00e9 bom.<\/p>\n<p>A medicina chinesa afirma que quando n\u00f3s nos preocupamos demais com um problema, por exemplo, em nosso corpo, \u00a0enviamos energia em excesso para aquela \u00e1rea do corpo; essa energia acumulada a\u00ed pode at\u00e9 agravar o problema. Tamb\u00e9m se diz que quando nos preocupamos demais com um problema qualquer, gera-se um bloqueio das nossas energias \u00a0que dificultam nossa intera\u00e7\u00e3o com as energias divinas que v\u00eam em nosso socorro, impedindo estas de agir.<\/p>\n<p>Ideia interessante \u00e9 aquela que consta no texto contido no link acima mencionado, sobre os problemas. Devemos abstrair um certo problema que tenhamos dos fatos que o causam. \u00a0S\u00e3o duas coisas distintas. O problema est\u00e1 dentro de nossa mente. Os fatos que o ocasionam est\u00e3o fora. Devemos esquecer o problema e assim ele desaparecer\u00e1. Os fatos que o causam resolvem por si mesmo. Por exemplo, h\u00e1 pessoas que t\u00eam melasma e n\u00e3o d\u00e3o a m\u00ednima para as manchas. Para essas pessoas, o melasma n\u00e3o \u00e9 problema algum. \u00a0Nesse caso, o interessante em se acabar com as manchas reside em se curar algo no organismo que as causam e que poderia gerar outras complica\u00e7\u00f5es no futuro. Mas o importante, em qualquer caso, \u00e9 fazer o poss\u00edvel, sem alimentar sentimentos como ansiedades ou maiores preocupa\u00e7\u00f5es. No fim, as manchas v\u00e3o sair mesmo, de um jeito ou de outro. H\u00e1 uma frase que sintetiza o fim de todas as preocupa\u00e7\u00f5es desnecess\u00e1rias: &#8220;Diante da certeza da morte, tudo \u00e9 vaidade.&#8221;<\/p>\n<div class='shareinpost'><ul class=\"socialwrap row\"><li class=\"iconOnly\"><a rel=\"nofollow\" target=\"_blank\" href=\"http:\/\/delicious.com\/post?url=https%3A%2F%2Fcuracompletaparaomelasma.seublog.net%2F%3Fpage_id%3D610&amp;title=Fatores+emocionais\" title=\"Bookmark this post : Fatores emocionais on Delicious\" ><img loading=\"lazy\" decoding=\"async\" src=\"http:\/\/curacompletaparaomelasma.seublog.net\/wp-content\/plugins\/share-and-follow\/images\/blank.gif\" height=\"32\" style=\"background: transparent url(http:\/\/curacompletaparaomelasma.seublog.net\/wp-content\/plugins\/share-and-follow\/default\/32\/sprite-32.png) no-repeat;padding:0;margin:0;height:32px;width:32px;background-position:-198px 0px\" class=\"image-32\" width=\"32\" alt=\"delicious\"\/> <span class=\"head\">Bookmark on Delicious<\/span><\/a><\/li><li class=\"iconOnly\"><a rel=\"nofollow\" target=\"_blank\" href=\"http:\/\/digg.com\/submit?url=https%3A%2F%2Fcuracompletaparaomelasma.seublog.net%2F%3Fpage_id%3D610&amp;title=Fatores+emocionais&amp;bodytext=Conforme+temos+demonstrado+nas+p%C3%A1ginas+deste+blog%2C+o+melasma%2C+como+qualquer+doen%C3%A7a%2C+%C3%A9+o+resultado+de+desequil%C3%ADbrios+em+nosso+organismo.+Entretanto%2C+n%C3%A3o+existe+equil%C3%ADbrio+org%C3%A2nico+que+n%C3%A3o+esteja+conexo+com+os+demais+elementos+que+comp%C3%B5em+o+nosso+corpo%2C+os+quais+n%C3%A3o+s%C3%A3o+muito+bem+definidos+pelos+cientistas%2C+j%C3\" title=\"Digg this post : Fatores emocionais\" ><img loading=\"lazy\" decoding=\"async\" src=\"http:\/\/curacompletaparaomelasma.seublog.net\/wp-content\/plugins\/share-and-follow\/images\/blank.gif\" height=\"32\" style=\"background: transparent url(http:\/\/curacompletaparaomelasma.seublog.net\/wp-content\/plugins\/share-and-follow\/default\/32\/sprite-32.png) no-repeat;padding:0;margin:0;height:32px;width:32px;background-position:-264px 0px\" class=\"image-32\" width=\"32\" alt=\"digg\"\/> <span class=\"head\">Digg this post<\/span><\/a><\/li><li class=\"iconOnly\"><a rel=\"nofollow\" target=\"_blank\" href=\"http:\/\/www.facebook.com\/sharer.php?u=https%3A%2F%2Fcuracompletaparaomelasma.seublog.net%2F%3Fpage_id%3D610&amp;t=Fatores+emocionais\" title=\"Recommend this post : Fatores emocionais on Facebook\" ><img loading=\"lazy\" decoding=\"async\" src=\"http:\/\/curacompletaparaomelasma.seublog.net\/wp-content\/plugins\/share-and-follow\/images\/blank.gif\" height=\"32\" style=\"background: transparent url(http:\/\/curacompletaparaomelasma.seublog.net\/wp-content\/plugins\/share-and-follow\/default\/32\/sprite-32.png) no-repeat;padding:0;margin:0;height:32px;width:32px;background-position:-363px 0px\" class=\"image-32\" width=\"32\" alt=\"facebook\"\/> <span class=\"head\">Recommend on Facebook<\/span><\/a><\/li><li class=\"iconOnly\"><a rel=\"nofollow\" target=\"_blank\" href=\"http:\/\/www.reddit.com\/submit?url=https%3A%2F%2Fcuracompletaparaomelasma.seublog.net%2F%3Fpage_id%3D610&amp;title=Fatores+emocionais\" title=\"Share this post : Fatores emocionais on Reddit\" ><img loading=\"lazy\" decoding=\"async\" src=\"http:\/\/curacompletaparaomelasma.seublog.net\/wp-content\/plugins\/share-and-follow\/images\/blank.gif\" height=\"32\" style=\"background: transparent url(http:\/\/curacompletaparaomelasma.seublog.net\/wp-content\/plugins\/share-and-follow\/default\/32\/sprite-32.png) no-repeat;padding:0;margin:0;height:32px;width:32px;background-position:-1419px 0px\" class=\"image-32\" width=\"32\" alt=\"reddit\"\/> <span class=\"head\">share via Reddit<\/span><\/a><\/li><li class=\"iconOnly\"><a rel=\"nofollow\" target=\"_blank\" href=\"http:\/\/www.stumbleupon.com\/submit?url=https%3A%2F%2Fcuracompletaparaomelasma.seublog.net%2F%3Fpage_id%3D610&amp;title=Fatores+emocionais\" title=\"Share this post : Fatores emocionais with Stumblers\" ><img loading=\"lazy\" decoding=\"async\" src=\"http:\/\/curacompletaparaomelasma.seublog.net\/wp-content\/plugins\/share-and-follow\/images\/blank.gif\" height=\"32\" style=\"background: transparent url(http:\/\/curacompletaparaomelasma.seublog.net\/wp-content\/plugins\/share-and-follow\/default\/32\/sprite-32.png) no-repeat;padding:0;margin:0;height:32px;width:32px;background-position:-1617px 0px\" class=\"image-32\" width=\"32\" alt=\"stumble\"\/> <span class=\"head\">Share with Stumblers<\/span><\/a><\/li><li class=\"iconOnly\"><a rel=\"nofollow\" target=\"_blank\" href=\"http:\/\/twitter.com\/home\/?status=https%3A%2F%2Fcuracompletaparaomelasma.seublog.net%2F%3Fpage_id%3D610\" title=\"Tweet this post : Fatores emocionais on Twitter\" ><img loading=\"lazy\" decoding=\"async\" src=\"http:\/\/curacompletaparaomelasma.seublog.net\/wp-content\/plugins\/share-and-follow\/images\/blank.gif\" height=\"32\" style=\"background: transparent url(http:\/\/curacompletaparaomelasma.seublog.net\/wp-content\/plugins\/share-and-follow\/default\/32\/sprite-32.png) no-repeat;padding:0;margin:0;height:32px;width:32px;background-position:-1749px 0px\" class=\"image-32\"  width=\"32\"  alt=\"twitter\"\/> <span class=\"head\">Tweet about it<\/span><\/a><\/li><li class=\"iconOnly\"><a rel=\"_self\" href=\"https:\/\/curacompletaparaomelasma.seublog.net\/?page_id=610&feed=rss2\" title=\"Follow this post : Fatores emocionais comments\"><img loading=\"lazy\" decoding=\"async\" src=\"http:\/\/curacompletaparaomelasma.seublog.net\/wp-content\/plugins\/share-and-follow\/images\/blank.gif\" height=\"32\"  width=\"32\" style=\"background: transparent url(http:\/\/curacompletaparaomelasma.seublog.net\/wp-content\/plugins\/share-and-follow\/default\/32\/sprite-32.png) no-repeat;padding:0;margin:0;height:32px;width:32px;background-position:-1452px 0px\" class=\"image-32\"  alt=\"rss\" \/> <span class=\"head\">Subscribe to the comments on this post<\/span><\/a><\/li><\/ul><div class=\"clean\"><\/div> <\/div>","protected":false},"excerpt":{"rendered":"<p>Conforme temos demonstrado nas p\u00e1ginas deste blog, o melasma, como qualquer doen\u00e7a, \u00e9 o resultado de desequil\u00edbrios em nosso organismo. Entretanto, n\u00e3o existe equil\u00edbrio org\u00e2nico que n\u00e3o esteja conexo com os demais elementos que comp\u00f5em o nosso corpo, os quais &hellip; <a href=\"https:\/\/curacompletaparaomelasma.seublog.net\/?page_id=610\">Continue lendo <span class=\"meta-nav\">&rarr;<\/span><\/a><\/p>\n","protected":false},"author":2112,"featured_media":0,"parent":0,"menu_order":0,"comment_status":"open","ping_status":"open","template":"","meta":{"footnotes":""},"class_list":["post-610","page","type-page","status-publish","hentry"],"_links":{"self":[{"href":"https:\/\/curacompletaparaomelasma.seublog.net\/index.php?rest_route=\/wp\/v2\/pages\/610","targetHints":{"allow":["GET"]}}],"collection":[{"href":"https:\/\/curacompletaparaomelasma.seublog.net\/index.php?rest_route=\/wp\/v2\/pages"}],"about":[{"href":"https:\/\/curacompletaparaomelasma.seublog.net\/index.php?rest_route=\/wp\/v2\/types\/page"}],"author":[{"embeddable":true,"href":"https:\/\/curacompletaparaomelasma.seublog.net\/index.php?rest_route=\/wp\/v2\/users\/2112"}],"replies":[{"embeddable":true,"href":"https:\/\/curacompletaparaomelasma.seublog.net\/index.php?rest_route=%2Fwp%2Fv2%2Fcomments&post=610"}],"version-history":[{"count":15,"href":"https:\/\/curacompletaparaomelasma.seublog.net\/index.php?rest_route=\/wp\/v2\/pages\/610\/revisions"}],"predecessor-version":[{"id":616,"href":"https:\/\/curacompletaparaomelasma.seublog.net\/index.php?rest_route=\/wp\/v2\/pages\/610\/revisions\/616"}],"wp:attachment":[{"href":"https:\/\/curacompletaparaomelasma.seublog.net\/index.php?rest_route=%2Fwp%2Fv2%2Fmedia&parent=610"}],"curies":[{"name":"wp","href":"https:\/\/api.w.org\/{rel}","templated":true}]}}